{"id":2038,"date":"2016-10-13T13:37:32","date_gmt":"2016-10-13T13:37:32","guid":{"rendered":"http:\/\/lignoplan.com\/wordpress_d\/?page_id=2038"},"modified":"2024-03-08T08:42:02","modified_gmt":"2024-03-08T08:42:02","slug":"badminton-news","status":"publish","type":"page","link":"https:\/\/lignoplan.com\/wordpress_9\/badminton-news\/","title":{"rendered":"Badminton News"},"content":{"rendered":"<div id=\"pl-2038\"  class=\"panel-layout\" ><div id=\"pg-2038-0\"  class=\"panel-grid panel-no-style\" ><div id=\"pgc-2038-0-0\"  class=\"panel-grid-cell\" ><div id=\"panel-2038-0-0-0\" class=\"so-panel widget widget_rss panel-first-child\" data-index=\"0\" ><h3 class=\"widget-title\"><a class=\"rsswidget rss-widget-feed\" href=\"http:\/\/www.hessischer-badminton-verband.de\/?format=feed&#038;type=rss\"><img decoding=\"async\" class=\"rss-widget-icon\" style=\"border:0\" width=\"14\" height=\"14\" src=\"https:\/\/lignoplan.com\/wordpress_9\/wp-includes\/images\/rss.png\" alt=\"RSS\" loading=\"lazy\" \/><\/a> <a class=\"rsswidget rss-widget-title\" href=\"https:\/\/www.hessischer-badminton-verband.de\/\">Hessischer Badminton Verband<\/a><\/h3><ul><li><a class='rsswidget' href='https:\/\/www.hessischer-badminton-verband.de\/liga-turniere\/30-jugend\/7558-b-rangliste-u13-u17-in-gebhardshain.html'>B-Rangliste U13\/U17 in Gebhardshain<\/a> <span class=\"rss-date\">4. September 2026<\/span><div class=\"rssSummary\">Platz 2 im M\u00e4dcheneinzel u13: Elisa DengAm 29. und 30. August traf sich der Badminton-Nachwuchs der DBV-Gruppe Mitte zur 3. B-Rangliste U13\/U17 in Gebhardshain. In den Altersklassen U13 und U17 wurde in Einzel, Doppel und Mixed um wertvolle Ranglistenpunkte und die Podestpl\u00e4tze gek\u00e4mpft. Leider gingen in dieser Altersklasse die vorderen Platzierungen an diesem Wochenende an [&hellip;]<\/div> <cite><\/cite><\/li><li><a class='rsswidget' href='https:\/\/www.hessischer-badminton-verband.de\/liga-turniere\/30-jugend\/7557-3-b-rangliste-u15-u19-in-niederhoechstadt.html'>3.B Rangliste U15\/U19 in Niederh\u00f6chstadt<\/a> <span class=\"rss-date\">4. September 2026<\/span><div class=\"rssSummary\">Sieger im Jungeneinzel U15: Cheng YangVom 29.bis zum 30. August 2026 war die Tura Niederh\u00f6chstadt Austragungsort der 3. B-Rangliste U15\/U19 der Gruppe Mitte. Die vom Deutschen Badminton-Verband gef\u00fchrte Ergebnisliste zeigt eindrucksvoll, wie erfolgreich die hessischen Nachwuchsspielerinnen und -spieler das Turnierwochenende gestalten konnten.Besonders erfreulich waren die hessischen Turniersiege von Annie Lu, Cheng Yang, Leo Luo und [&hellip;]<\/div> <cite><\/cite><\/li><li><a class='rsswidget' href='https:\/\/www.hessischer-badminton-verband.de\/?view=article&#038;id=7556:hbv-ballpool-fuer-die-saison-2025-2026-veroeffentlicht-2&#038;catid=132'>HBV-Ballpool f\u00fcr die Saison 2026\/2027 ver\u00f6ffentlicht<\/a> <span class=\"rss-date\">2. September 2026<\/span><div class=\"rssSummary\">Der Ballpool f\u00fcr die Saison 2026\/2027 ist ver\u00f6ffentlicht.\u00a0Neu im Ball-Pool sind von Victor die Synthetic\/Hybrid-B\u00e4lle New Carbon Sonic Pro und Max, sowie Forza Hybrid 5000 und YOUNG Performance 55 und YOUNG Hybrid 3in1 von Siam Sports. Die aufgef\u00fchrten Synthetic- bzw. Hybrid B\u00e4lle sind uneingeschr\u00e4nkt in allen hessischen Ligen und Turnieren (sofern in der Ausschreibung aufgef\u00fchrt) [&hellip;]<\/div> <cite><\/cite><\/li><li><a class='rsswidget' href='https:\/\/www.hessischer-badminton-verband.de\/fortbildung\/fortbildung-badminton\/7553-erfolgreiche-trainerfortbildung-mit-chef-bundestrainer-hannes-kaesbauer.html'>Erfolgreiche Trainerfortbildung mit Chef-Bundestrainer Hannes K\u00e4sbauer<\/a> <span class=\"rss-date\">31. August 2026<\/span><div class=\"rssSummary\">Am Wochenende 29.\/30. August kamen 14 engagierte Trainerinnen und Trainer in Ginsheim-Mainspitze zusammen und nutzten die Gelegenheit, sich auf h\u00f6chstem Niveau fortzubilden. Hannes K\u00e4sbauer, Chef-Bundestrainer des Deutschen Badminton-Verbandes (DBV), pr\u00e4sentierte moderne Konzepte auf Basis der offiziellen DBV-Rahmentrainingskonzeption (RTK) und teilte reichlich Praxiserfahrung aus dem Spitzensport. Ziel des Wochenendes war es, das heimische Vereinstraining \u00fcber das [&hellip;]<\/div> <cite><\/cite><\/li><li><a class='rsswidget' href='https:\/\/www.hessischer-badminton-verband.de\/liga-turniere\/30-jugend\/7551-individual-em-u19-jarno-und-jakob-erreichen-das-achtelfinale.html'>Individual EM U19- Jarno und Jakob erreichen das Achtelfinale<\/a> <span class=\"rss-date\">28. August 2026<\/span><div class=\"rssSummary\">Jarno DetersIm Anschluss an die Team EM U19 im ungarischen Tatabanya schloss sich noch die Individual EM U19 an. Sarah Nickel (Funball Dortelweil\/TSP N\u00fcrnberg) startete im Einzel, w\u00e4hrend Jarno Deters (BV Maintal) mit seinem bayrischen Partner Jakob Sj\u00f6blom im Doppel aufschlug.<\/div> <cite><\/cite><\/li><li><a class='rsswidget' href='https:\/\/www.hessischer-badminton-verband.de\/liga-turniere\/30-jugend\/7547-bronze-fuer-deutschland-bei-der-team-europameisterschaft-u19-in-ungarn.html'>Bronze f\u00fcr Deutschland bei der Team Europameisterschaft U19 in Ungarn<\/a> <span class=\"rss-date\">22. August 2026<\/span><div class=\"rssSummary\">Sarah Nickel und Jarno Deters Bei der Team Europameisterschaft im ungarischen Tatabanya gewinnt das deutsche Team nach Gruppensieg in der Gruppe B und einem Sieg im Viertelfinale \u00fcber Estland Bronze. Die Franzosen, auf die das deutsche Team im Halbfinale spielten, waren eine Nummer zu gro\u00df und holten sich am Ende den Europameisterschaftstitel. F\u00fcr Deutschland mit [&hellip;]<\/div> <cite><\/cite><\/li><li><a class='rsswidget' href='https:\/\/www.hessischer-badminton-verband.de\/liga-turniere\/30-jugend\/7546-sichtungslehrgang-nth-tth-mit-neuem-termin-und-neuem-ort.html'>Sichtungslehrgang NTH\/TTH mit neuem Termin und neuem Ort<\/a> <span class=\"rss-date\">16. August 2026<\/span><div class=\"rssSummary\">Wichtige \u00c4nderung: Der Sichtungslehrgang f\u00fcr das Nachwuchsteam Hessen (2017\/2018) und das TTH (2015\/2016) findet nicht wie urspr\u00fcnglich angek\u00fcndigt am 1.11 statt, sondern bereits am Samstag, dem 31.10.2026 in der Westerbachhalle in Niederh\u00f6chstadt. Genauere Infos folgen zeitnah.<\/div> <cite><\/cite><\/li><li><a class='rsswidget' href='https:\/\/www.hessischer-badminton-verband.de\/?view=article&#038;id=7544:nachruf-gerd-pflug&#038;catid=132'>Nachruf Gerd Pflug<\/a> <span class=\"rss-date\">13. August 2026<\/span><div class=\"rssSummary\">In tiefer Trauer nehmen wir als Hessischer Badminton Verband Abschied von Gerd Pflug und Barbara Pflugdie am 3.8.2026 im Alter von 83 Jahren und 78 Jahren verstorben sind. Als einer der erfolgreichsten deutschen Badminton-Seniorenspieler feierte Gerd Pflug herausragende Erfolge. 2019 wurde er Weltmeister im Herrendoppel der Altersklasse O75, als letzten gro\u00dfen Erfolg erreichte er 2024 [&hellip;]<\/div> <cite><\/cite><\/li><li><a class='rsswidget' href='https:\/\/www.hessischer-badminton-verband.de\/?view=article&#038;id=7545:ausschreibung-juniorcup-2026&#038;catid=132'>Ausschreibung Juniorcup 2026<\/a> <span class=\"rss-date\">13. August 2026<\/span><div class=\"rssSummary\">Am 20.09.2026 ab 10.00 Uhr wird Messel erneut zum Hotspot f\u00fcr junge Talente: Der Junior Cup steht an \u2013 und ihr k\u00f6nnt dabei sein! In den Altersklassen U9, U10 und U11 wird wieder voller Einsatz gezeigt, gek\u00e4mpft, gejubelt und gefeiert. Wer holt sich den Cup? Wer zeigt nach der Sommerpause die besten Allround-F\u00e4higkeiten und Schl\u00e4ge? [&hellip;]<\/div> <cite><\/cite><\/li><li><a class='rsswidget' href='https:\/\/www.hessischer-badminton-verband.de\/ausbildung\/c-trainer\/7543-trainerausbildung-aufstockung-c-leistungssport-lizenz-2027.html'>Trainerausbildung Aufstockung C-Leistungssport Lizenz 2027<\/a> <span class=\"rss-date\">10. August 2026<\/span><div class=\"rssSummary\">Diese Ausschreibung richtet sich an alle Trainer mit g\u00fcltiger C-Breitensport-Lizenz die mit der Aufstockung die Lizenz zum C-Trainer Leistungssport erwerben wollen. Teilnahmeberechtigt sind Personen ab 17 Jahren. Der Fokus der Ausbildung liegt auf der langfristigen Leistungsausbildung von Athleten im Bereich von Technik, Taktik und Pers\u00f6nlichkeitsmerkmalen. Technisch wird ein Fokus auf ansatzlosen Schl\u00e4gen und der Differenzierung [&hellip;]<\/div> <cite><\/cite><\/li><\/ul><\/div><div id=\"panel-2038-0-0-1\" class=\"so-panel widget widget_rss\" data-index=\"1\" ><h3 class=\"widget-title\"><a class=\"rsswidget rss-widget-feed\" href=\"http:\/\/www.badzine.de\/rss\/badzine.php\"><img decoding=\"async\" class=\"rss-widget-icon\" style=\"border:0\" width=\"14\" height=\"14\" src=\"https:\/\/lignoplan.com\/wordpress_9\/wp-includes\/images\/rss.png\" alt=\"RSS\" loading=\"lazy\" \/><\/a> <a class=\"rsswidget rss-widget-title\" href=\"https:\/\/www.badzine.de\/\">Badzine<\/a><\/h3><ul><li><a class='rsswidget' href='https:\/\/www.badzine.de\/news_detail.php?id=2326'>An Se Young: In einer eigenen Liga<\/a> <span class=\"rss-date\">6. September 2026<\/span><div class=\"rssSummary\">Die S\u00fcdkoreanerin An Se Young gewinnt zum dritten Mal in Folge das China Masters und bleibt seit M\u00e4rz ungeschlagen. Ihre Saisonbilanz n\u00e4hert sich einer historischen Bestmarke.mehr...Sun, 06 September 2026 11:37:14<\/div><\/li><li><a class='rsswidget' href='https:\/\/www.badzine.de\/news_detail.php?id=2224'>Aktuelle Weltranglisten: Deutschland, \u00d6sterreich und Schweiz<\/a> <span class=\"rss-date\">4. September 2026<\/span><div class=\"rssSummary\">Die aktuellen Weltranglisten (Stand: 1. September 2026) im \u00dcberblick. Neu erg\u00e4nzt um \u00d6sterreich und die Schweiz.mehr...Fri, 04 September 2026 21:36:17<\/div><\/li><li><a class='rsswidget' href='https:\/\/www.badzine.de\/news_detail.php?id=2325'>Fast 50 Jahre Weltmeister im Herreneinzel, aber nur zwei Marken<\/a> <span class=\"rss-date\">4. September 2026<\/span><div class=\"rssSummary\">Ein Weltmeistertitel im Herreneinzel ist die wohl der h\u00e4rteste Pr\u00fcfung des Badmintonsports. Seit 1977 wird um den offiziellen WM-Titel gek\u00e4mpft. In fast f\u00fcnf Jahrzehnten haben sich Spielsysteme, Athletik und Rackettechnologie radikal ver\u00e4ndert. Eine Konstante ist dabei besonders auff\u00e4llig: die Marke YONEX.mehr...Fri, 04 September 2026 15:48:08<\/div><\/li><li><a class='rsswidget' href='https:\/\/www.badzine.de\/news_detail.php?id=2324'>Morten Frost kehrt zu seinen Wurzeln zur\u00fcck<\/a> <span class=\"rss-date\">3. September 2026<\/span><div class=\"rssSummary\">Eine europ\u00e4ische Badmintonlegende \u00fcbernimmt eine ungew\u00f6hnliche Aufgabe: Morten Frost wird ehrenamtlicher Trainer seines Heimatvereins. Um Spitzensport geht es dabei ausdr\u00fccklich nicht.mehr...Thu, 03 September 2026 16:37:09<\/div><\/li><li><a class='rsswidget' href='https:\/\/www.badzine.de\/news_detail.php?id=2323'>Deutsche \u00dcberraschung in China: Seidel und Nguyen drehen Match gegen D\u00e4nemarks Topduo<\/a> <span class=\"rss-date\">2. September 2026<\/span><div class=\"rssSummary\">Was f\u00fcr ein Comeback! Marvin Seidel und Thuc Nguyen haben beim China Masters f\u00fcr eine dicke \u00dcberraschung gesorgt.mehr...Wed, 02 September 2026 12:39:55<\/div><\/li><li><a class='rsswidget' href='https:\/\/www.badzine.de\/news_detail.php?id=2322'>Neue Weltmeister, neue Machtverh\u00e4ltnisse<\/a> <span class=\"rss-date\">24. August 2026<\/span><div class=\"rssSummary\">30 Weltmeisterschaften im Herreneinzel, sieben Nationen als Sieger \u2013 und zuletzt f\u00fcnf verschiedene Champions: Die Geschichte der Badminton-WM zeigt, wie sich die Kr\u00e4fteverh\u00e4ltnisse ver\u00e4ndert haben. Alex Lanier setzt mit Frankreichs erstem Titel ein weiteres Ausrufezeichen.mehr...Mon, 24 August 2026 16:40:08<\/div><\/li><li><a class='rsswidget' href='https:\/\/www.badzine.de\/news_detail.php?id=2321'>An Se-Young arbeitet weiter am Legendenstatus<\/a> <span class=\"rss-date\">23. August 2026<\/span><div class=\"rssSummary\">Die 24-j\u00e4hrige Koreanerin An Se-Young arbeitet weiter an ihrem Legendenstatus.mehr...Sun, 23 August 2026 16:01:07<\/div><\/li><li><a class='rsswidget' href='https:\/\/www.badzine.de\/news_detail.php?id=2320'>Alex Lanier wird Weltmeister<\/a> <span class=\"rss-date\">23. August 2026<\/span><div class=\"rssSummary\">Der Franzose Alex Lanier ist heute in Neu Delhi der zweitj\u00fcngste Weltmeister in der Badminton-Geschichte geworden.mehr...Sun, 23 August 2026 14:06:17<\/div><\/li><li><a class='rsswidget' href='https:\/\/www.badzine.de\/news_detail.php?id=2319'>Thom Gicquel und Delphine Delrue sind Mixed-Weltmeister<\/a> <span class=\"rss-date\">23. August 2026<\/span><div class=\"rssSummary\">&quot;Das ist mehr als ein Traum&quot;, sagte Thom Gicquel nach dem historischen Sieg heute hier in Neu Delhi bei den Badminton-Weltmeisterschaften.mehr...Sun, 23 August 2026 13:31:59<\/div><\/li><li><a class='rsswidget' href='https:\/\/www.badzine.de\/news_detail.php?id=2317'>Gewinnt erstmals ein Franzose die Badminton-WM?<\/a> <span class=\"rss-date\">22. August 2026<\/span><div class=\"rssSummary\">Der 21-j\u00e4hrige Franzose Alex Lanier ist heute in Neu Delhi ist WM-Finale eingezogen. mehr...Sat, 22 August 2026 15:09:32<\/div><\/li><\/ul><\/div><div id=\"panel-2038-0-0-2\" class=\"so-panel widget widget_rss panel-last-child\" data-index=\"2\" ><h3 class=\"widget-title\"><a class=\"rsswidget rss-widget-feed\" href=\"http:\/\/bwfbadminton.com\/feed\/\"><img decoding=\"async\" class=\"rss-widget-icon\" style=\"border:0\" width=\"14\" height=\"14\" src=\"https:\/\/lignoplan.com\/wordpress_9\/wp-includes\/images\/rss.png\" alt=\"RSS\" loading=\"lazy\" \/><\/a> <a class=\"rsswidget rss-widget-title\" href=\"https:\/\/bwfbadminton.com\/\">Bwfbadminton.com<\/a><\/h3><ul><li>Ein Fehler ist aufgetreten \u2013 der Feed funktioniert zurzeit nicht. Versuche es sp\u00e4ter noch einmal.<\/li><\/ul><\/div><\/div><div id=\"pgc-2038-0-1\"  class=\"panel-grid-cell panel-grid-cell-empty\" ><\/div><div id=\"pgc-2038-0-2\"  class=\"panel-grid-cell\" ><div id=\"panel-2038-0-2-0\" class=\"so-panel widget widget_rss panel-first-child\" data-index=\"3\" ><h3 class=\"widget-title\"><a class=\"rsswidget rss-widget-feed\" href=\"http:\/\/www.badminton.de\/index.php?type=100\"><img decoding=\"async\" class=\"rss-widget-icon\" style=\"border:0\" width=\"14\" height=\"14\" src=\"https:\/\/lignoplan.com\/wordpress_9\/wp-includes\/images\/rss.png\" alt=\"RSS\" loading=\"lazy\" \/><\/a> <a class=\"rsswidget rss-widget-title\" href=\"https:\/\/www.badminton.de\/\">Badminton.de<\/a><\/h3><ul><li><a class='rsswidget' href='https:\/\/www.badminton.de\/news\/badminton\/neue-regelungen-zur-lizenzverlaengerung-ab-oktober-1\/'>Neue Regelungen zur Lizenzverl\u00e4ngerung ab Oktober<\/a> <span class=\"rss-date\">4. September 2026<\/span><div class=\"rssSummary\">Der Deutsche Badminton-Verband (DBV) hat Auslegungshinweise zur Umsetzung der am 13. Juni 2026 vom DBV-Verbandstag beschlossenen \u00c4nderung der Regelungen zur Lizenzverl\u00e4ngerung ver\u00f6ffentlicht. Die Hinweise sollen eine bundesweit einheitliche Anwendung der neuen Regelungen durch die Landesverb\u00e4nde und f\u00fcr Lizenzinhaberinnen und -inhaber sicherstellen.<\/div><\/li><li><a class='rsswidget' href='https:\/\/www.badminton.de\/news\/badminton\/power-speed-oder-kontrolle-so-findest-du-den-richtigen-badmintonschlaeger\/'>Power, Speed oder Kontrolle: So findest du den richtigen Badmintonschl\u00e4ger<\/a> <span class=\"rss-date\">3. September 2026<\/span><div class=\"rssSummary\">Kopflastig, grifflastig, flexibel oder steif: Bei der Schl\u00e4gerwahl kann man schnell den \u00dcberblick verlieren. Entscheidend ist, dass Gewicht, Balance, Schaft und Bespannung wirklich zum eigenen Spiel passen.<\/div><\/li><li><a class='rsswidget' href='https:\/\/www.badminton.de\/news\/badminton\/statement-sieg-in-china-seidel-nguyen-bezwingen-christiansen-boeje\/'>Statement-Sieg in China: Seidel\/Nguyen bezwingen Christiansen\/B\u00f8je<\/a> <span class=\"rss-date\">2. September 2026<\/span><div class=\"rssSummary\">Marvin Seidel und Thuc Nguyen sind mit einem echten Statement in die China Masters in Shenzhen gestartet: In der ersten Runde bezwang das deutsche Mixed-Duo die an Position zwei gesetzten D\u00e4nen Mathias Christiansen und Alexandra B\u00f8je mit 15:21, 21:13, 21:13.<\/div><\/li><li><a class='rsswidget' href='https:\/\/www.badminton.de\/news\/badminton\/china-masters-seidel-nguyen-vor-em-halbfinal-rematch\/'>China Masters: Seidel\/Nguyen vor EM-Halbfinal-Rematch<\/a> <span class=\"rss-date\">1. September 2026<\/span><div class=\"rssSummary\">Kaum sind die Weltmeisterschaften in Delhi beendet, geht es auf der BWF World Tour bereits weiter: Bei den LI-NING China Masters 2026 in Shenzhen treten Marvin Seidel, Thuc Nguyen und Yvonne Li an. Das Super-750-Turnier findet vom 1. bis 6. September in der Shenzhen Arena statt.<\/div><\/li><li><a class='rsswidget' href='https:\/\/www.badminton.de\/news\/badminton\/1-deutsches-badminton-museum-eroeffnet\/'>1. Deutsches Badminton-Museum er\u00f6ffnet<\/a> <span class=\"rss-date\">31. August 2026<\/span><div class=\"rssSummary\">Am 29. August 2026 wurde in Bonn Badmintongeschichte geschrieben \u2013 und das zugleich mit Badmintongeschichte und -geschichten: Im Rahmen des diesj\u00e4hrigen Sommerfestes des 1. BC Beuel und in Anwesenheit zahlreicher geladener G\u00e4ste erfolgte die offizielle Er\u00f6ffnung des \u201e1. Deutschen Badminton-Museums\u201c.<\/div><\/li><li><a class='rsswidget' href='https:\/\/www.badminton.de\/news\/badminton\/u19-em-bronze-fuer-iffland-hermel-im-damendoppel\/'>U19-EM: Bronze f\u00fcr Iffland\/Hermel im Damendoppel<\/a> <span class=\"rss-date\">27. August 2026<\/span><div class=\"rssSummary\">Beim Individualturnier der U19-Europameisterschaften in Tatabanya, Ungarn, hat der Deutsche Badminton-Verband (DBV) eine weitere Medaille geholt: Maike Iffland und Kalliope Hermel (beide TV Refrath) sicherten sich im Damendoppel die Bronzemedaille.<\/div><\/li><li><a class='rsswidget' href='https:\/\/www.badminton.de\/news\/badminton\/ausrichter-fuer-laenderspiele-2026-gesucht\/'>Ausrichter f\u00fcr L\u00e4nderspiele 2026 gesucht<\/a> <span class=\"rss-date\">27. August 2026<\/span><div class=\"rssSummary\">Die Planungen f\u00fcr die Erwachsenenl\u00e4nderspiele der deutschen Badmintonnationalmannschaft im Dezember 2026 laufen bereits. Mit Leipzig steht ein erster Ausrichter fest \u2013 nun wird noch ein weiterer Verein gesucht, der ein L\u00e4nderspiel in seine Region holen m\u00f6chte.<\/div><\/li><li><a class='rsswidget' href='https:\/\/www.badminton.de\/news\/badminton\/u19-em-hermel-iffland-ziehen-ins-halbfinale-ein\/'>U19-EM: Hermel\/Iffland ziehen ins Halbfinale ein<\/a> <span class=\"rss-date\">25. August 2026<\/span><div class=\"rssSummary\">Kalliope Hermel und Maike Iffland sind beim Individualturnier der U19-Europameisterschaften in Tatabanya, Ungarn, ins Halbfinale eingezogen und haben sich damit bereits eine Medaille gesichert.<\/div><\/li><li><a class='rsswidget' href='https:\/\/www.badminton.de\/news\/badminton\/wachstum-braucht-veraenderung-bbv-stellt-strukturen-im-leistungssport-neu-auf\/'>Wachstum braucht Ver\u00e4nderung: BBV stellt Strukturen im Leistungssport neu auf<\/a> <span class=\"rss-date\">23. August 2026<\/span><div class=\"rssSummary\">Kai Sch\u00e4fer \u00fcbernimmt zum 1. September die Leitung des VICTOR Landesleistungsst\u00fctzpunkts N\u00fcrnberg \u2013 Tobias Wadenka bleibt als leitender St\u00fctzpunkttrainer die zentrale S\u00e4ule der sportlichen Entwicklung \u2013 Sportdirektor Lukas Gunzelmann richtet seinen Fokus k\u00fcnftig noch st\u00e4rker auf die bayernweite Entwicklung des Leistungssports.<\/div><\/li><li><a class='rsswidget' href='https:\/\/www.badminton.de\/news\/badminton\/dbv-jugendvollversammlung-jvv-2026\/'>DBV Jugendvollversammlung (JVV) 2026<\/a> <span class=\"rss-date\">23. August 2026<\/span><div class=\"rssSummary\">Die Jugendvollversammlung (JVV) 2026 findet am Samstag, 12. Dezember 2026 in M\u00fclheim an der Ruhr statt. Weitere Informationen zum Tagungsort und zur Tagesordnung werden rechtzeitig bekannt gegeben.<\/div><\/li><\/ul><\/div><div id=\"panel-2038-0-2-1\" class=\"so-panel widget widget_rss\" data-index=\"4\" ><h3 class=\"widget-title\"><a class=\"rsswidget rss-widget-feed\" href=\"http:\/\/www.badmintoneurope.com\/wwwpublic\/club\/news\/cmsnewsrss.aspx?clubid=4685&#038;newsstate=1&#038;language=en&#038;paragraphid=6977&#038;newspageid=4663\"><img decoding=\"async\" class=\"rss-widget-icon\" style=\"border:0\" width=\"14\" height=\"14\" src=\"https:\/\/lignoplan.com\/wordpress_9\/wp-includes\/images\/rss.png\" alt=\"RSS\" loading=\"lazy\" \/><\/a> <a class=\"rsswidget rss-widget-title\" href=\"\">Badminton Europa<\/a><\/h3><\/div><div id=\"panel-2038-0-2-2\" class=\"so-panel widget widget_rss panel-last-child\" data-index=\"5\" ><h3 class=\"widget-title\"><a class=\"rsswidget rss-widget-feed\" href=\"http:\/\/news.google.com\/news?cf=all&#038;hl=de&#038;pz=1&#038;ned=de&#038;q=Badminton&#038;output=rss\"><img decoding=\"async\" class=\"rss-widget-icon\" style=\"border:0\" width=\"14\" height=\"14\" src=\"https:\/\/lignoplan.com\/wordpress_9\/wp-includes\/images\/rss.png\" alt=\"RSS\" loading=\"lazy\" \/><\/a> <a class=\"rsswidget rss-widget-title\" href=\"https:\/\/news.google.com\/search?cf=all&#038;hl=de&#038;pz=1&#038;q=Badminton&#038;gl=DE&#038;ceid=DE:de\">Google News<\/a><\/h3><ul><li><a class='rsswidget' href='https:\/\/news.google.com\/rss\/articles\/CBMinwFBVV95cUxPdUs2Rlp6ZmJMRDh3Tlhxa01LbUJLQk1lTVhrWEFONUp0UnRXZ0Q4MWVXQkFfTWZPZ1lPQ2tzbXJFSDRDQzluZ054RzdVQWpWeFlYeVpTTGJnUFpFb08xZFlIRXk3QW5SaFlYb0psVENnWHNKNnZNdTV2VnZndGtvV3JXcDhvRGg4cHpIdzZ3LXBuWVF0Sm5RWFcxcktBOXM?oc=5'>Hongkonger Spieler sorgt vor Teilnahme am Vietnam Open Badminton-Turnier f\u00fcr Aufsehen - Vietnam.vn<\/a> <span class=\"rss-date\">6. September 2026<\/span><div class=\"rssSummary\">Hongkonger Spieler sorgt vor Teilnahme am Vietnam Open Badminton-Turnier f\u00fcr Aufsehen\u00a0\u00a0Vietnam.vn<\/div><\/li><li><a class='rsswidget' href='https:\/\/news.google.com\/rss\/articles\/CBMirgFBVV95cUxPdWFiaERGUVctRVNwNWtTZ2htVDFDSGRfbGtjcmxsck56bmRvZXNYZnpPYzdvam01TG5UUGk1eEpJaEVwak9lQkZVb0twWlJRUk5PMjFXZW9QZVlCeHZIa1A5QW9JbHVNQlp6dVFSc1phRWhnMS1sbmwwaVdIQ0lHc1VlbzNMYnVlenRDQWdDMTgtd1dCcFZVODhWQ1p0cGdxd3hpTDZWd1hKODRNQXc?oc=5'>Badminton-Training in Plaidt startet nach den Sommerferien - blick-aktuell.de<\/a> <span class=\"rss-date\">6. September 2026<\/span><div class=\"rssSummary\">Badminton-Training in Plaidt startet nach den Sommerferien\u00a0\u00a0blick-aktuell.de<\/div><\/li><li><a class='rsswidget' href='https:\/\/news.google.com\/rss\/articles\/CBMidEFVX3lxTFBpVVBuSmlPbW5GdkIxdGZpYVA3N05mMk8yVEIxZmlvTmRBSE5PWjdKUGNDZmkzUHJRYkl3VWJFNXFvRGFieDQ2cjEtcW54R0xzTkI2QTFMNHM2LXNvUF8zVTc0Y1I2RzhKR2tWTWlRdzVRM2da?oc=5'>BC PreussenPark 09 - badminton.de<\/a> <span class=\"rss-date\">5. September 2026<\/span><div class=\"rssSummary\">BC PreussenPark 09\u00a0\u00a0badminton.de<\/div><\/li><li><a class='rsswidget' href='https:\/\/news.google.com\/rss\/articles\/CBMiiAFBVV95cUxNWjdHVEx3QllRRFgwQ0R5NXpoRHZEZXVqRF9qaUY5V0x5dUNnNUZKb09UQWk5cHR5dGZOUXB2bzNEZ0FremlhTWtnekFIeVRZYmlSRnZDY2o4T2dwQlp5UTh2b2FXOE83dDBCT2EzaUlNcEZSekhWZkxvRGZkcmNPZjZ0UFNfeUUx?oc=5'>Die vietnamesischen Spieler stehen vor einer gro\u00dfen Herausforderung im eigenen Land. - Vietnam.vn<\/a> <span class=\"rss-date\">4. September 2026<\/span><div class=\"rssSummary\">Die vietnamesischen Spieler stehen vor einer gro\u00dfen Herausforderung im eigenen Land.\u00a0\u00a0Vietnam.vn<\/div><\/li><li><a class='rsswidget' href='https:\/\/news.google.com\/rss\/articles\/CBMirwFBVV95cUxQcmZxelVLT3pkZDJQaDZTNnVrMGsxblhCTS1VZ0pjRXh2SjVTSHVhXzhpOHhmTDMwMlU4ak9IZXctSWtuVFh5WnU5dFFhb21xVTZocHpjUHNXc19hbFd5Yzd6OFRycDVxTWd1ZEpVd0JPbFVGdlVyTnA0TUhWaW1oUGVjdWZpN3lBdENyRXhiemVSeXo1VHpvSWx3T0JRbktDU3h6VUVPNVhsRGNpMl80?oc=5'>Zweimal Silber f\u00fcr Ennser Badminton-Nachwuchsspielerin - Tips.at<\/a> <span class=\"rss-date\">4. September 2026<\/span><div class=\"rssSummary\">Zweimal Silber f\u00fcr Ennser Badminton-Nachwuchsspielerin\u00a0\u00a0Tips.at<\/div><\/li><li><a class='rsswidget' href='https:\/\/news.google.com\/rss\/articles\/CBMilgFBVV95cUxPeUMyQThSWjlzYkJzRVJWa3hTVnBNYnZJWllJeG1HeV83WVl0M3VfelI2ZjR5bzRVOE9BdXlaaGdZY3o5Mlppd3NiNHdXSzBwVEZCM1JuVF8zNEdaUzdoYTRnTHd6STVuS2JMTWhEVFctWG9TeThTaWFJek5xS3hyZm5VbHNHVmVHQU4tNGZCdmN1Zno3NFE?oc=5'>\u00dcber 3 Milliarden VND Preisgeld f\u00fcr das Vietnam Open Badminton-Turnier 2026. - Vietnam.vn<\/a> <span class=\"rss-date\">4. September 2026<\/span><div class=\"rssSummary\">\u00dcber 3 Milliarden VND Preisgeld f\u00fcr das Vietnam Open Badminton-Turnier 2026.\u00a0\u00a0Vietnam.vn<\/div><\/li><li><a class='rsswidget' href='https:\/\/news.google.com\/rss\/articles\/CBMilgFBVV95cUxNS1hQcVNmYVVob3F5bF9GWmUweHZ1NXZmcXAwQS1pQm13alRiZnFwQTdBdGgzcG00bVloZjVic1lVeWVzSS1lVlROb0lUeVE3ekdDMUJBQTVlS3QtWmFabjdfcEZXMGlRWElpTDA4MHlHR0kzbTdxamgxOHlubndSX0t4NmMtNHhTMVJxTmctU3lPVDB5QkE?oc=5'>Seidel und Nguyen haben Medaille bei Badminton-EM sicher - SR.de<\/a> <span class=\"rss-date\">4. September 2026<\/span><div class=\"rssSummary\">Seidel und Nguyen haben Medaille bei Badminton-EM sicher\u00a0\u00a0SR.de<\/div><\/li><li><a class='rsswidget' href='https:\/\/news.google.com\/rss\/articles\/CBMi0gFBVV95cUxPUkpBRlI3ZEdnTnhaZ0NKZzktQVBVM1JpNjE1TWxHSjBWYVhnUHl5STVXNFZ0Yi1XTkFZZUpwSnNCcWQ3UkhMbWlON1hWSjVVOWpXc3RCeUlwREtSZ3lMVWNNSnJCTFNhQXpXUnpiVkQ5b0Zqb1ZMd1BaSlFUQTVIX0QxSEFJYXYxRjktWXprUG5Sb0NrNXQ4RGF2UzA0U3A5Mk1obTFmbE52RmFZTFZJcDB2X0hrUUIxUmc4ZkxFczBJdGYzUWQxZXBmZXBJM2tNYVHSAe4BQVVfeXFMT0JIVUE1QzlaLVBQSTVCeDY2NXV2dGNuVC1zaXNtTlhuVUFMZGxQMWZjekhLX3RLakdwZ1loaDRJaEVYd0ktSHlpaDI3ZUZaQXQ5OEhRRVYzS0thWlhOcVp4MnRsUi1vTXQxYm90dGYxa3ZmY2pPTWtDRVFMLU9oWDRpTkN6bW42LXNCZXZyNnZ0LXJ5T0xxQVNsajlQdlVZREo3N2ZicmtJYWYxV2RkZlhQWnJZUDRVVEVTME5OTUt4QmtuMlFSNURUU1o2aDQzSkZQRm9VZi1HV0RRSU5nY1FoYXhxM2NCbGc0NFM2Zw?oc=5'>Badminton: Nicole Bartsch holt in Dresden-Gittersee Gold-Pokal und drei Titel - DNN - Dresdner Neueste Nachrichten<\/a> <span class=\"rss-date\">1. September 2026<\/span><div class=\"rssSummary\">Badminton: Nicole Bartsch holt in Dresden-Gittersee Gold-Pokal und drei Titel\u00a0\u00a0DNN - Dresdner Neueste Nachrichten<\/div><\/li><li><a class='rsswidget' href='https:\/\/news.google.com\/rss\/articles\/CBMi1AFBVV95cUxOWW9tTVZkUU9KczZ2ME01aUdweUFXQXVRMWJjLWk3VlpfWFVuM0V2UjZnaU9NbXRnNV9lU2R3QW93RWdXTnZMdTlRNU5FNTg2d2VEX0Z5dGQyaU53ZXh3TWpxQkNQTER6SFlwTWRDRjZabXFzZ0hJX1pNRW05UHNaWmV4U1kzNmpmVGN6M09hVFJEaURaS1F4X3JOUXBhVmRiYjdlRERjcDRHSTlrWHJVdW9tQmd4R21aQk9TV1hGQ3EwM09mb2VxUVVaZnBEUXN3TGg5dg?oc=5'>Premiere beim FC Halfing: Elf Kinder \u00fcbernachten in der Sporthalle - rosenheim24.de<\/a> <span class=\"rss-date\">1. September 2026<\/span><div class=\"rssSummary\">Premiere beim FC Halfing: Elf Kinder \u00fcbernachten in der Sporthalle\u00a0\u00a0rosenheim24.de<\/div><\/li><li><a class='rsswidget' href='https:\/\/news.google.com\/rss\/articles\/CBMitAFBVV95cUxPZHlSZFhoR09uX2dSN0J0WlhXYklwZnZzX01mcGFUODNGVVo4c3kxZXpVVVIwWjQwcE9UczJkMzAwdVVRMmFMTzlpZ3JGZ1FSZXM5Vlg2MkEzbUxpQVppYWVwbEpmS1RpdFZzX2lVV0ZhOU1Ybl85UExwa3dVUzU2RzhQd3dpMlFzbDJzV1VndlBQRW05V09ORk5UUTN4M1BUVDAyS1AwdGc0U2FRalJoY2lZb1o?oc=5'>Grazer Badminton-Ass: Thomas Wiesler gl\u00e4nzt bei U19-EM, erreicht Viertelfinale im Doppel - MeinBezirk.at<\/a> <span class=\"rss-date\">1. September 2026<\/span><div class=\"rssSummary\">Grazer Badminton-Ass: Thomas Wiesler gl\u00e4nzt bei U19-EM, erreicht Viertelfinale im Doppel\u00a0\u00a0MeinBezirk.at<\/div><\/li><\/ul><\/div><\/div><\/div><div id=\"pg-2038-1\"  class=\"panel-grid panel-no-style\" ><div id=\"pgc-2038-1-0\"  class=\"panel-grid-cell\" ><div id=\"panel-2038-1-0-0\" class=\"so-panel widget widget_bvg-block panel-first-child panel-last-child\" data-index=\"6\" ><div class=\"bvg_iframe_facebook panel-widget-style panel-widget-style-for-2038-1-0-0\" ><div\n\t\t\t\n\t\t\tclass=\"so-widget-bvg-block so-widget-bvg-block-base\"\n\t\t\t\n\t\t>\n\n<div class=\"siteorigin-widget-tinymce textwidget\">\n\t<div class=\"bvg_block \" id=\"\">\n\n\t\t<h1>Facebook National Mannschaft Seite<\/h1>\n\n\t\t<h3><\/h3>\n\n\t\t<p><iframe loading=\"lazy\" style=\"border: none; overflow: hidden;\" src=\"https:\/\/www.facebook.com\/plugins\/page.php?href=https%3A%2F%2Fwww.facebook.com%2FBadmintonDeutschland%2F&amp;tabs=timeline&amp;width=750&amp;height=600&amp;small_header=false&amp;adapt_container_width=true&amp;hide_cover=false&amp;show_facepile=true&amp;appId\" width=\"100%\" height=\"600\" frameborder=\"0\" scrolling=\"no\"><\/iframe><\/p>\n\t<\/div>\n<\/div>\n<\/div><\/div><\/div><\/div><\/div><\/div>","protected":false},"excerpt":{"rendered":"<p>Hessischer Badminton VerbandB-Rangliste U13\/U17 in Gebhardshain 4. September 2026Platz 2 im M\u00e4dcheneinzel u13: Elisa DengAm 29. und 30. August traf sich der Badminton-Nachwuchs der DBV-Gruppe Mitte zur 3. B-Rangliste U13\/U17 in Gebhardshain. In den Altersklassen U13 und U17 wurde in Einzel, Doppel und Mixed um wertvolle Ranglistenpunkte und die Podestpl\u00e4tze gek\u00e4mpft. Leider gingen in dieser [&hellip;]<\/p>\n","protected":false},"author":13,"featured_media":0,"parent":0,"menu_order":0,"comment_status":"closed","ping_status":"closed","template":"","meta":{"_acf_changed":false,"_monsterinsights_skip_tracking":false,"_monsterinsights_sitenote_active":false,"_monsterinsights_sitenote_note":"","_monsterinsights_sitenote_category":0,"ngg_post_thumbnail":0,"footnotes":""},"class_list":["post-2038","page","type-page","status-publish","hentry","post"],"acf":[],"_links":{"self":[{"href":"https:\/\/lignoplan.com\/wordpress_9\/wp-json\/wp\/v2\/pages\/2038","targetHints":{"allow":["GET"]}}],"collection":[{"href":"https:\/\/lignoplan.com\/wordpress_9\/wp-json\/wp\/v2\/pages"}],"about":[{"href":"https:\/\/lignoplan.com\/wordpress_9\/wp-json\/wp\/v2\/types\/page"}],"author":[{"embeddable":true,"href":"https:\/\/lignoplan.com\/wordpress_9\/wp-json\/wp\/v2\/users\/13"}],"replies":[{"embeddable":true,"href":"https:\/\/lignoplan.com\/wordpress_9\/wp-json\/wp\/v2\/comments?post=2038"}],"version-history":[{"count":13,"href":"https:\/\/lignoplan.com\/wordpress_9\/wp-json\/wp\/v2\/pages\/2038\/revisions"}],"predecessor-version":[{"id":8336,"href":"https:\/\/lignoplan.com\/wordpress_9\/wp-json\/wp\/v2\/pages\/2038\/revisions\/8336"}],"wp:attachment":[{"href":"https:\/\/lignoplan.com\/wordpress_9\/wp-json\/wp\/v2\/media?parent=2038"}],"curies":[{"name":"wp","href":"https:\/\/api.w.org\/{rel}","templated":true}]}}